{"id":5732,"date":"2024-02-02T18:00:09","date_gmt":"2024-02-02T17:00:09","guid":{"rendered":"https:\/\/albarran-bourdais.com\/?post_type=projet&#038;p=5732"},"modified":"2025-08-29T12:19:00","modified_gmt":"2025-08-29T10:19:00","slug":"la-casa-del-decorador-la-revolucion-de-la-vida-diaria","status":"publish","type":"projet","link":"https:\/\/albarran-bourdais.com\/es\/exhibition\/la-casa-del-decorador-la-revolucion-de-la-vida-diaria\/","title":{"rendered":"La Casa del Decorador: la revoluci\u00f3n de la vida diaria, Marco A. Castillo"},"content":{"rendered":"<p>Albarr\u00e1n Bourdais se complace en presentar la primera exposici\u00f3n del artista cubano Marco A. Castillo en la Ciudad de M\u00e9xico, bajo la curadur\u00eda de Doroth\u00e9e Dupuis.<\/p>\n<p>La exposici\u00f3n La Revoluci\u00f3n de la vida diaria del artista cubano Marco A. Castillo, presenta obras recientes del artista, realizadas en su estudio de M\u00e9rida, Yucat\u00e1n, donde reside desde hace algunos a\u00f1os, y que extienden en su pr\u00e1ctica personal algunos de los temas que Castillo desarroll\u00f3 exitosamente a trav\u00e9s del colectivo art\u00edstico Los Carpinteros que dio reconocimiento internacional a sus integrantes desde la d\u00e9cada de los noventa.<\/p>\n<p>La exposici\u00f3n se presenta en un lugar at\u00edpico nunca antes abierto al p\u00fablico, una casa particular modernista en la colonia Roma Sur de la Ciudad de M\u00e9xico actualmente en remodelaci\u00f3n, firmada por el legendario arquitecto Francisco Artigas y construida, curiosamente, en 1959, a\u00f1o de la revoluci\u00f3n cubana.<\/p>\n<p>Esta selecci\u00f3n de obras, muchas de ellas in\u00e9ditas y producidas espec\u00edficamente para la exposici\u00f3n y su peculiar espacio, es una investigaci\u00f3n de Castillo Vald\u00e9s sobre el dise\u00f1o industrial y gr\u00e1fico en la Cuba de los a\u00f1os sesenta y setenta y sus v\u00ednculos formales, conceptuales y pol\u00edticos con el proyecto revolucionario que enmarc\u00f3 su producci\u00f3n en esas d\u00e9cadas. Es una historia poco conocida, pero en los primeros a\u00f1os de la revoluci\u00f3n, el gobierno cubano, en colaboraci\u00f3n con toda una nueva generaci\u00f3n de dise\u00f1adores, llev\u00f3 a cabo una ambiciosa pol\u00edtica de producci\u00f3n de muebles destinada a promover los ideales cubanos de accesibilidad, comodidad e innovaci\u00f3n, combinando materiales industriales con materiales vern\u00e1culos aut\u00f3ctonos de la isla, como la madera de caoba y formas derivadas de la herencia ind\u00edgena ta\u00edna. A finales de la d\u00e9cada de 1970, el conflicto latente entre los intelectuales que hab\u00edan apoyado la revoluci\u00f3n se intensific\u00f3, y el gobierno dej\u00f3 de apoyar esta producci\u00f3n, por lo que estos dise\u00f1adores fueron abandonando la isla en el exilio, mientras la mayor\u00eda de estas creaciones radicales se destru\u00edan, perd\u00edan o ca\u00edan en el olvido. Asimismo, el t\u00edtulo de la exposici\u00f3n alude a El arte de lo cotidiano. Una exposici\u00f3n de objetos de buen dise\u00f1o realizados en M\u00e9xico comisariada en 1952 por la dise\u00f1adora cubana Clara Porset, exiliada en M\u00e9xico, que contribuy\u00f3 decisivamente al desarrollo del pensamiento latinoamericano sobre el dise\u00f1o contempor\u00e1neo en el siglo XX.<\/p>\n","protected":false},"excerpt":{"rendered":"<p>Albarr\u00e1n Bourdais se complace en presentar la primera exposici\u00f3n del artista cubano Marco A. Castillo en la Ciudad de M\u00e9xico,&#8230;<\/p>\n","protected":false},"featured_media":5783,"template":"","categories":[39,36],"class_list":["post-5732","projet","type-projet","status-publish","has-post-thumbnail","hentry","category-exposiciones-institucionales","category-noticias"],"acf":[],"yoast_head":"<!-- This site is optimized with the Yoast SEO plugin v25.8 - https:\/\/yoast.com\/wordpress\/plugins\/seo\/ -->\n<title>La Casa del Decorador: la revoluci\u00f3n de la vida diaria, Marco A. Castillo - Albarr\u00e1n Bourdais<\/title>\n<meta name=\"robots\" content=\"index, follow, max-snippet:-1, max-image-preview:large, max-video-preview:-1\" \/>\n<link rel=\"canonical\" href=\"https:\/\/albarran-bourdais.com\/es\/exhibition\/la-casa-del-decorador-la-revolucion-de-la-vida-diaria\/\" \/>\n<meta property=\"og:locale\" content=\"es_ES\" \/>\n<meta property=\"og:type\" content=\"article\" \/>\n<meta property=\"og:title\" content=\"La Casa del Decorador: la revoluci\u00f3n de la vida diaria, Marco A. Castillo - Albarr\u00e1n Bourdais\" \/>\n<meta property=\"og:description\" content=\"Albarr\u00e1n Bourdais se complace en presentar la primera exposici\u00f3n del artista cubano Marco A. Castillo en la Ciudad de M\u00e9xico,...\" \/>\n<meta property=\"og:url\" content=\"https:\/\/albarran-bourdais.com\/es\/exhibition\/la-casa-del-decorador-la-revolucion-de-la-vida-diaria\/\" \/>\n<meta property=\"og:site_name\" content=\"Albarr\u00e1n Bourdais\" \/>\n<meta property=\"article:modified_time\" content=\"2025-08-29T10:19:00+00:00\" \/>\n<meta property=\"og:image\" content=\"https:\/\/albarran-bourdais.com\/wp-content\/uploads\/2024\/02\/DSC1707.jpg\" \/>\n\t<meta property=\"og:image:width\" content=\"1\" \/>\n\t<meta property=\"og:image:height\" content=\"1\" \/>\n\t<meta property=\"og:image:type\" content=\"image\/jpeg\" \/>\n<meta name=\"twitter:card\" content=\"summary_large_image\" \/>\n<meta name=\"twitter:label1\" content=\"Tiempo de lectura\" \/>\n\t<meta name=\"twitter:data1\" content=\"2 minutos\" \/>\n<script type=\"application\/ld+json\" class=\"yoast-schema-graph\">{\"@context\":\"https:\/\/schema.org\",\"@graph\":[{\"@type\":\"WebPage\",\"@id\":\"https:\/\/albarran-bourdais.com\/es\/exhibition\/la-casa-del-decorador-la-revolucion-de-la-vida-diaria\/\",\"url\":\"https:\/\/albarran-bourdais.com\/es\/exhibition\/la-casa-del-decorador-la-revolucion-de-la-vida-diaria\/\",\"name\":\"La Casa del Decorador: la revoluci\u00f3n de la vida diaria, Marco A. Castillo - Albarr\u00e1n Bourdais\",\"isPartOf\":{\"@id\":\"https:\/\/albarran-bourdais.com\/#website\"},\"primaryImageOfPage\":{\"@id\":\"https:\/\/albarran-bourdais.com\/es\/exhibition\/la-casa-del-decorador-la-revolucion-de-la-vida-diaria\/#primaryimage\"},\"image\":{\"@id\":\"https:\/\/albarran-bourdais.com\/es\/exhibition\/la-casa-del-decorador-la-revolucion-de-la-vida-diaria\/#primaryimage\"},\"thumbnailUrl\":\"https:\/\/albarran-bourdais.com\/wp-content\/uploads\/2024\/02\/DSC1707.jpg\",\"datePublished\":\"2024-02-02T17:00:09+00:00\",\"dateModified\":\"2025-08-29T10:19:00+00:00\",\"breadcrumb\":{\"@id\":\"https:\/\/albarran-bourdais.com\/es\/exhibition\/la-casa-del-decorador-la-revolucion-de-la-vida-diaria\/#breadcrumb\"},\"inLanguage\":\"es\",\"potentialAction\":[{\"@type\":\"ReadAction\",\"target\":[\"https:\/\/albarran-bourdais.com\/es\/exhibition\/la-casa-del-decorador-la-revolucion-de-la-vida-diaria\/\"]}]},{\"@type\":\"ImageObject\",\"inLanguage\":\"es\",\"@id\":\"https:\/\/albarran-bourdais.com\/es\/exhibition\/la-casa-del-decorador-la-revolucion-de-la-vida-diaria\/#primaryimage\",\"url\":\"https:\/\/albarran-bourdais.com\/wp-content\/uploads\/2024\/02\/DSC1707.jpg\",\"contentUrl\":\"https:\/\/albarran-bourdais.com\/wp-content\/uploads\/2024\/02\/DSC1707.jpg\"},{\"@type\":\"BreadcrumbList\",\"@id\":\"https:\/\/albarran-bourdais.com\/es\/exhibition\/la-casa-del-decorador-la-revolucion-de-la-vida-diaria\/#breadcrumb\",\"itemListElement\":[{\"@type\":\"ListItem\",\"position\":1,\"name\":\"Accueil\",\"item\":\"https:\/\/albarran-bourdais.com\/es\/\"},{\"@type\":\"ListItem\",\"position\":2,\"name\":\"La Casa del Decorador: la revoluci\u00f3n de la vida diaria, Marco A. Castillo\"}]},{\"@type\":\"WebSite\",\"@id\":\"https:\/\/albarran-bourdais.com\/#website\",\"url\":\"https:\/\/albarran-bourdais.com\/\",\"name\":\"Albarr\u00e1n Bourdais\",\"description\":\"Art Gallery\",\"potentialAction\":[{\"@type\":\"SearchAction\",\"target\":{\"@type\":\"EntryPoint\",\"urlTemplate\":\"https:\/\/albarran-bourdais.com\/?s={search_term_string}\"},\"query-input\":{\"@type\":\"PropertyValueSpecification\",\"valueRequired\":true,\"valueName\":\"search_term_string\"}}],\"inLanguage\":\"es\"}]}<\/script>\n<!-- \/ Yoast SEO plugin. -->","yoast_head_json":{"title":"La Casa del Decorador: la revoluci\u00f3n de la vida diaria, Marco A. Castillo - Albarr\u00e1n Bourdais","robots":{"index":"index","follow":"follow","max-snippet":"max-snippet:-1","max-image-preview":"max-image-preview:large","max-video-preview":"max-video-preview:-1"},"canonical":"https:\/\/albarran-bourdais.com\/es\/exhibition\/la-casa-del-decorador-la-revolucion-de-la-vida-diaria\/","og_locale":"es_ES","og_type":"article","og_title":"La Casa del Decorador: la revoluci\u00f3n de la vida diaria, Marco A. Castillo - Albarr\u00e1n Bourdais","og_description":"Albarr\u00e1n Bourdais se complace en presentar la primera exposici\u00f3n del artista cubano Marco A. Castillo en la Ciudad de M\u00e9xico,...","og_url":"https:\/\/albarran-bourdais.com\/es\/exhibition\/la-casa-del-decorador-la-revolucion-de-la-vida-diaria\/","og_site_name":"Albarr\u00e1n Bourdais","article_modified_time":"2025-08-29T10:19:00+00:00","og_image":[{"url":"https:\/\/albarran-bourdais.com\/wp-content\/uploads\/2024\/02\/DSC1707.jpg","width":1,"height":1,"type":"image\/jpeg"}],"twitter_card":"summary_large_image","twitter_misc":{"Tiempo de lectura":"2 minutos"},"schema":{"@context":"https:\/\/schema.org","@graph":[{"@type":"WebPage","@id":"https:\/\/albarran-bourdais.com\/es\/exhibition\/la-casa-del-decorador-la-revolucion-de-la-vida-diaria\/","url":"https:\/\/albarran-bourdais.com\/es\/exhibition\/la-casa-del-decorador-la-revolucion-de-la-vida-diaria\/","name":"La Casa del Decorador: la revoluci\u00f3n de la vida diaria, Marco A. Castillo - Albarr\u00e1n Bourdais","isPartOf":{"@id":"https:\/\/albarran-bourdais.com\/#website"},"primaryImageOfPage":{"@id":"https:\/\/albarran-bourdais.com\/es\/exhibition\/la-casa-del-decorador-la-revolucion-de-la-vida-diaria\/#primaryimage"},"image":{"@id":"https:\/\/albarran-bourdais.com\/es\/exhibition\/la-casa-del-decorador-la-revolucion-de-la-vida-diaria\/#primaryimage"},"thumbnailUrl":"https:\/\/albarran-bourdais.com\/wp-content\/uploads\/2024\/02\/DSC1707.jpg","datePublished":"2024-02-02T17:00:09+00:00","dateModified":"2025-08-29T10:19:00+00:00","breadcrumb":{"@id":"https:\/\/albarran-bourdais.com\/es\/exhibition\/la-casa-del-decorador-la-revolucion-de-la-vida-diaria\/#breadcrumb"},"inLanguage":"es","potentialAction":[{"@type":"ReadAction","target":["https:\/\/albarran-bourdais.com\/es\/exhibition\/la-casa-del-decorador-la-revolucion-de-la-vida-diaria\/"]}]},{"@type":"ImageObject","inLanguage":"es","@id":"https:\/\/albarran-bourdais.com\/es\/exhibition\/la-casa-del-decorador-la-revolucion-de-la-vida-diaria\/#primaryimage","url":"https:\/\/albarran-bourdais.com\/wp-content\/uploads\/2024\/02\/DSC1707.jpg","contentUrl":"https:\/\/albarran-bourdais.com\/wp-content\/uploads\/2024\/02\/DSC1707.jpg"},{"@type":"BreadcrumbList","@id":"https:\/\/albarran-bourdais.com\/es\/exhibition\/la-casa-del-decorador-la-revolucion-de-la-vida-diaria\/#breadcrumb","itemListElement":[{"@type":"ListItem","position":1,"name":"Accueil","item":"https:\/\/albarran-bourdais.com\/es\/"},{"@type":"ListItem","position":2,"name":"La Casa del Decorador: la revoluci\u00f3n de la vida diaria, Marco A. Castillo"}]},{"@type":"WebSite","@id":"https:\/\/albarran-bourdais.com\/#website","url":"https:\/\/albarran-bourdais.com\/","name":"Albarr\u00e1n Bourdais","description":"Art Gallery","potentialAction":[{"@type":"SearchAction","target":{"@type":"EntryPoint","urlTemplate":"https:\/\/albarran-bourdais.com\/?s={search_term_string}"},"query-input":{"@type":"PropertyValueSpecification","valueRequired":true,"valueName":"search_term_string"}}],"inLanguage":"es"}]}},"_links":{"self":[{"href":"https:\/\/albarran-bourdais.com\/es\/wp-json\/wp\/v2\/projet\/5732","targetHints":{"allow":["GET"]}}],"collection":[{"href":"https:\/\/albarran-bourdais.com\/es\/wp-json\/wp\/v2\/projet"}],"about":[{"href":"https:\/\/albarran-bourdais.com\/es\/wp-json\/wp\/v2\/types\/projet"}],"wp:featuredmedia":[{"embeddable":true,"href":"https:\/\/albarran-bourdais.com\/es\/wp-json\/wp\/v2\/media\/5783"}],"wp:attachment":[{"href":"https:\/\/albarran-bourdais.com\/es\/wp-json\/wp\/v2\/media?parent=5732"}],"wp:term":[{"taxonomy":"category","embeddable":true,"href":"https:\/\/albarran-bourdais.com\/es\/wp-json\/wp\/v2\/categories?post=5732"}],"curies":[{"name":"wp","href":"https:\/\/api.w.org\/{rel}","templated":true}]}}