{"id":4364,"date":"2022-12-07T11:27:24","date_gmt":"2022-12-07T10:27:24","guid":{"rendered":"https:\/\/albarran-bourdais.com\/?post_type=projet&#038;p=4364"},"modified":"2022-12-07T11:27:49","modified_gmt":"2022-12-07T10:27:49","slug":"4364","status":"publish","type":"projet","link":"https:\/\/albarran-bourdais.com\/es\/exhibition\/4364\/","title":{"rendered":""},"content":{"rendered":"<p>10.09 &#8211; 10.10.2020<\/p>\n<p>&nbsp;<\/p>\n<p>Iv\u00e1n Argote inaugurar\u00e1 el nuevo programa de la galer\u00eda denominado \u00abEn la pared\u00bb, en el muro del Callej\u00f3n Jorge Juan, con la impresi\u00f3n de una foto de la serie \u00abTuristas, en la que cubre con ponchos ind\u00edgenas varias estatuas hist\u00f3ricas realizadas para gloria de los conquistadores (en Espa\u00f1a, Colombia y Estados Unidos), como cr\u00edtica frontal contra el poder pol\u00edtico y el colonialismo. Tambi\u00e9n expondr\u00e1 en solitario en la galer\u00eda en febrero de 2022.<\/p>\n","protected":false},"excerpt":{"rendered":"<p>10.09 &#8211; 10.10.2020 &nbsp; Iv\u00e1n Argote inaugurar\u00e1 el nuevo programa de la galer\u00eda denominado \u00abEn la pared\u00bb, en el muro&#8230;<\/p>\n","protected":false},"featured_media":2050,"template":"","categories":[8],"class_list":["post-4364","projet","type-projet","status-publish","has-post-thumbnail","hentry","category-exposicion-pasada"],"acf":[],"yoast_head":"<!-- This site is optimized with the Yoast SEO plugin v25.8 - https:\/\/yoast.com\/wordpress\/plugins\/seo\/ -->\n<title>- Albarr\u00e1n Bourdais<\/title>\n<meta name=\"robots\" content=\"index, follow, max-snippet:-1, max-image-preview:large, max-video-preview:-1\" \/>\n<link rel=\"canonical\" href=\"https:\/\/albarran-bourdais.com\/exhibition\/turista-carlos-i-de-espan\u0303a-v-de-alemania-parque-el-retiro-madrid-2\/\" \/>\n<meta property=\"og:locale\" content=\"es_ES\" \/>\n<meta property=\"og:type\" content=\"article\" \/>\n<meta property=\"og:title\" content=\"- Albarr\u00e1n Bourdais\" \/>\n<meta property=\"og:description\" content=\"10.09 &#8211; 10.10.2020 &nbsp; Iv\u00e1n Argote inaugurar\u00e1 el nuevo programa de la galer\u00eda denominado \u00abEn la pared\u00bb, en el muro...\" \/>\n<meta property=\"og:url\" content=\"https:\/\/albarran-bourdais.com\/exhibition\/turista-carlos-i-de-espan\u0303a-v-de-alemania-parque-el-retiro-madrid-2\/\" \/>\n<meta property=\"og:site_name\" content=\"Albarr\u00e1n Bourdais\" \/>\n<meta property=\"article:modified_time\" content=\"2022-12-07T10:27:49+00:00\" \/>\n<meta property=\"og:image\" content=\"https:\/\/albarran-bourdais.com\/wp-content\/uploads\/2020\/09\/Turista-Carlos-I-de-Espan\u0303a-V-de-Alemania-Iva\u0301n-Argote.jpg\" \/>\n\t<meta property=\"og:image:width\" content=\"1\" \/>\n\t<meta property=\"og:image:height\" content=\"1\" \/>\n\t<meta property=\"og:image:type\" content=\"image\/jpeg\" \/>\n<meta name=\"twitter:card\" content=\"summary_large_image\" \/>\n<script type=\"application\/ld+json\" class=\"yoast-schema-graph\">{\"@context\":\"https:\/\/schema.org\",\"@graph\":[{\"@type\":\"WebPage\",\"@id\":\"https:\/\/albarran-bourdais.com\/exhibition\/turista-carlos-i-de-espan%cc%83a-v-de-alemania-parque-el-retiro-madrid-2\/\",\"url\":\"https:\/\/albarran-bourdais.com\/exhibition\/turista-carlos-i-de-espan%cc%83a-v-de-alemania-parque-el-retiro-madrid-2\/\",\"name\":\"- Albarr\u00e1n Bourdais\",\"isPartOf\":{\"@id\":\"https:\/\/albarran-bourdais.com\/#website\"},\"primaryImageOfPage\":{\"@id\":\"https:\/\/albarran-bourdais.com\/exhibition\/turista-carlos-i-de-espan%cc%83a-v-de-alemania-parque-el-retiro-madrid-2\/#primaryimage\"},\"image\":{\"@id\":\"https:\/\/albarran-bourdais.com\/exhibition\/turista-carlos-i-de-espan%cc%83a-v-de-alemania-parque-el-retiro-madrid-2\/#primaryimage\"},\"thumbnailUrl\":\"https:\/\/albarran-bourdais.com\/wp-content\/uploads\/2020\/09\/Turista-Carlos-I-de-Espan\u0303a-V-de-Alemania-Iva\u0301n-Argote.jpg\",\"datePublished\":\"2022-12-07T10:27:24+00:00\",\"dateModified\":\"2022-12-07T10:27:49+00:00\",\"inLanguage\":\"es\",\"potentialAction\":[{\"@type\":\"ReadAction\",\"target\":[\"https:\/\/albarran-bourdais.com\/exhibition\/turista-carlos-i-de-espan%cc%83a-v-de-alemania-parque-el-retiro-madrid-2\/\"]}]},{\"@type\":\"ImageObject\",\"inLanguage\":\"es\",\"@id\":\"https:\/\/albarran-bourdais.com\/exhibition\/turista-carlos-i-de-espan%cc%83a-v-de-alemania-parque-el-retiro-madrid-2\/#primaryimage\",\"url\":\"https:\/\/albarran-bourdais.com\/wp-content\/uploads\/2020\/09\/Turista-Carlos-I-de-Espan\u0303a-V-de-Alemania-Iva\u0301n-Argote.jpg\",\"contentUrl\":\"https:\/\/albarran-bourdais.com\/wp-content\/uploads\/2020\/09\/Turista-Carlos-I-de-Espan\u0303a-V-de-Alemania-Iva\u0301n-Argote.jpg\"},{\"@type\":\"WebSite\",\"@id\":\"https:\/\/albarran-bourdais.com\/#website\",\"url\":\"https:\/\/albarran-bourdais.com\/\",\"name\":\"Albarr\u00e1n Bourdais\",\"description\":\"Art Gallery\",\"potentialAction\":[{\"@type\":\"SearchAction\",\"target\":{\"@type\":\"EntryPoint\",\"urlTemplate\":\"https:\/\/albarran-bourdais.com\/?s={search_term_string}\"},\"query-input\":{\"@type\":\"PropertyValueSpecification\",\"valueRequired\":true,\"valueName\":\"search_term_string\"}}],\"inLanguage\":\"es\"}]}<\/script>\n<!-- \/ Yoast SEO plugin. -->","yoast_head_json":{"title":"- Albarr\u00e1n Bourdais","robots":{"index":"index","follow":"follow","max-snippet":"max-snippet:-1","max-image-preview":"max-image-preview:large","max-video-preview":"max-video-preview:-1"},"canonical":"https:\/\/albarran-bourdais.com\/exhibition\/turista-carlos-i-de-espan\u0303a-v-de-alemania-parque-el-retiro-madrid-2\/","og_locale":"es_ES","og_type":"article","og_title":"- Albarr\u00e1n Bourdais","og_description":"10.09 &#8211; 10.10.2020 &nbsp; Iv\u00e1n Argote inaugurar\u00e1 el nuevo programa de la galer\u00eda denominado \u00abEn la pared\u00bb, en el muro...","og_url":"https:\/\/albarran-bourdais.com\/exhibition\/turista-carlos-i-de-espan\u0303a-v-de-alemania-parque-el-retiro-madrid-2\/","og_site_name":"Albarr\u00e1n Bourdais","article_modified_time":"2022-12-07T10:27:49+00:00","og_image":[{"url":"https:\/\/albarran-bourdais.com\/wp-content\/uploads\/2020\/09\/Turista-Carlos-I-de-Espan\u0303a-V-de-Alemania-Iva\u0301n-Argote.jpg","width":1,"height":1,"type":"image\/jpeg"}],"twitter_card":"summary_large_image","schema":{"@context":"https:\/\/schema.org","@graph":[{"@type":"WebPage","@id":"https:\/\/albarran-bourdais.com\/exhibition\/turista-carlos-i-de-espan%cc%83a-v-de-alemania-parque-el-retiro-madrid-2\/","url":"https:\/\/albarran-bourdais.com\/exhibition\/turista-carlos-i-de-espan%cc%83a-v-de-alemania-parque-el-retiro-madrid-2\/","name":"- Albarr\u00e1n Bourdais","isPartOf":{"@id":"https:\/\/albarran-bourdais.com\/#website"},"primaryImageOfPage":{"@id":"https:\/\/albarran-bourdais.com\/exhibition\/turista-carlos-i-de-espan%cc%83a-v-de-alemania-parque-el-retiro-madrid-2\/#primaryimage"},"image":{"@id":"https:\/\/albarran-bourdais.com\/exhibition\/turista-carlos-i-de-espan%cc%83a-v-de-alemania-parque-el-retiro-madrid-2\/#primaryimage"},"thumbnailUrl":"https:\/\/albarran-bourdais.com\/wp-content\/uploads\/2020\/09\/Turista-Carlos-I-de-Espan\u0303a-V-de-Alemania-Iva\u0301n-Argote.jpg","datePublished":"2022-12-07T10:27:24+00:00","dateModified":"2022-12-07T10:27:49+00:00","inLanguage":"es","potentialAction":[{"@type":"ReadAction","target":["https:\/\/albarran-bourdais.com\/exhibition\/turista-carlos-i-de-espan%cc%83a-v-de-alemania-parque-el-retiro-madrid-2\/"]}]},{"@type":"ImageObject","inLanguage":"es","@id":"https:\/\/albarran-bourdais.com\/exhibition\/turista-carlos-i-de-espan%cc%83a-v-de-alemania-parque-el-retiro-madrid-2\/#primaryimage","url":"https:\/\/albarran-bourdais.com\/wp-content\/uploads\/2020\/09\/Turista-Carlos-I-de-Espan\u0303a-V-de-Alemania-Iva\u0301n-Argote.jpg","contentUrl":"https:\/\/albarran-bourdais.com\/wp-content\/uploads\/2020\/09\/Turista-Carlos-I-de-Espan\u0303a-V-de-Alemania-Iva\u0301n-Argote.jpg"},{"@type":"WebSite","@id":"https:\/\/albarran-bourdais.com\/#website","url":"https:\/\/albarran-bourdais.com\/","name":"Albarr\u00e1n Bourdais","description":"Art Gallery","potentialAction":[{"@type":"SearchAction","target":{"@type":"EntryPoint","urlTemplate":"https:\/\/albarran-bourdais.com\/?s={search_term_string}"},"query-input":{"@type":"PropertyValueSpecification","valueRequired":true,"valueName":"search_term_string"}}],"inLanguage":"es"}]}},"_links":{"self":[{"href":"https:\/\/albarran-bourdais.com\/es\/wp-json\/wp\/v2\/projet\/4364","targetHints":{"allow":["GET"]}}],"collection":[{"href":"https:\/\/albarran-bourdais.com\/es\/wp-json\/wp\/v2\/projet"}],"about":[{"href":"https:\/\/albarran-bourdais.com\/es\/wp-json\/wp\/v2\/types\/projet"}],"wp:featuredmedia":[{"embeddable":true,"href":"https:\/\/albarran-bourdais.com\/es\/wp-json\/wp\/v2\/media\/2050"}],"wp:attachment":[{"href":"https:\/\/albarran-bourdais.com\/es\/wp-json\/wp\/v2\/media?parent=4364"}],"wp:term":[{"taxonomy":"category","embeddable":true,"href":"https:\/\/albarran-bourdais.com\/es\/wp-json\/wp\/v2\/categories?post=4364"}],"curies":[{"name":"wp","href":"https:\/\/api.w.org\/{rel}","templated":true}]}}