{"id":5343,"date":"2023-07-28T16:10:57","date_gmt":"2023-07-28T14:10:57","guid":{"rendered":"https:\/\/albarran-bourdais.com\/?post_type=person&#038;p=5343"},"modified":"2023-07-28T16:11:06","modified_gmt":"2023-07-28T14:11:06","slug":"mariana-murcia","status":"publish","type":"person","link":"https:\/\/albarran-bourdais.com\/es\/artist\/mariana-murcia\/","title":{"rendered":"Mariana Murcia"},"content":{"rendered":"<p>Su pr\u00e1ctica se gu\u00eda por un enfoque interdisciplinar, trabajando en la inestable frontera entre la producci\u00f3n art\u00edstica y la educaci\u00f3n art\u00edstica. Situada en esta frontera y asumiendo una posici\u00f3n performativa, su trabajo e investigaci\u00f3n exploran las formas en que el lenguaje emerge a trav\u00e9s de la materia y los sentidos f\u00edsicos. En particular, encarna instancias en relaci\u00f3n con el entorno, con el fin de especular sobre el origen de las tecnolog\u00edas que creamos y utilizamos para comunicarnos. Flotar fuentes de agua indiferentes se ha convertido en un h\u00e1bito que abre un lenguaje para describir un lugar que surge de la superposici\u00f3n de al menos dos capas geogr\u00e1ficas, la suya propia y la que habita, produciendo un acercamiento cr\u00edtico al conocimiento material y abstracto. Su trabajo aspira a ser cr\u00edtico y coherente con su contexto inmediato, a trav\u00e9s de diferentes medios como el v\u00eddeo y la escultura, plataformas culturales y escuelas ef\u00edmeras. Desde 2010 trabaja en colaboraci\u00f3n conLaagencia, una oficina diasp\u00f3rica de proyectos art\u00edsticos. En 2021 obtuvo un Master of Arts en el Institut Kunst FHNW de Basilea.<\/p>\n","protected":false},"featured_media":0,"template":"","class_list":["post-5343","person","type-person","status-publish","hentry"],"acf":[],"yoast_head":"<!-- This site is optimized with the Yoast SEO plugin v25.8 - https:\/\/yoast.com\/wordpress\/plugins\/seo\/ -->\n<title>Mariana Murcia - Albarr\u00e1n Bourdais<\/title>\n<meta name=\"robots\" content=\"index, follow, max-snippet:-1, max-image-preview:large, max-video-preview:-1\" \/>\n<link rel=\"canonical\" href=\"https:\/\/albarran-bourdais.com\/artist\/mariana-murcia\/\" \/>\n<meta property=\"og:locale\" content=\"es_ES\" \/>\n<meta property=\"og:type\" content=\"article\" \/>\n<meta property=\"og:title\" content=\"Mariana Murcia - Albarr\u00e1n Bourdais\" \/>\n<meta property=\"og:description\" content=\"Su pr\u00e1ctica se gu\u00eda por un enfoque interdisciplinar, trabajando en la inestable frontera entre la producci\u00f3n art\u00edstica y la educaci\u00f3n...\" \/>\n<meta property=\"og:url\" content=\"https:\/\/albarran-bourdais.com\/artist\/mariana-murcia\/\" \/>\n<meta property=\"og:site_name\" content=\"Albarr\u00e1n Bourdais\" \/>\n<meta property=\"article:modified_time\" content=\"2023-07-28T14:11:06+00:00\" \/>\n<meta name=\"twitter:card\" content=\"summary_large_image\" \/>\n<meta name=\"twitter:label1\" content=\"Tiempo de lectura\" \/>\n\t<meta name=\"twitter:data1\" content=\"1 minuto\" \/>\n<script type=\"application\/ld+json\" class=\"yoast-schema-graph\">{\"@context\":\"https:\/\/schema.org\",\"@graph\":[{\"@type\":\"WebPage\",\"@id\":\"https:\/\/albarran-bourdais.com\/artist\/mariana-murcia\/\",\"url\":\"https:\/\/albarran-bourdais.com\/artist\/mariana-murcia\/\",\"name\":\"Mariana Murcia - Albarr\u00e1n Bourdais\",\"isPartOf\":{\"@id\":\"https:\/\/albarran-bourdais.com\/#website\"},\"datePublished\":\"2023-07-28T14:10:57+00:00\",\"dateModified\":\"2023-07-28T14:11:06+00:00\",\"breadcrumb\":{\"@id\":\"https:\/\/albarran-bourdais.com\/artist\/mariana-murcia\/#breadcrumb\"},\"inLanguage\":\"es\",\"potentialAction\":[{\"@type\":\"ReadAction\",\"target\":[\"https:\/\/albarran-bourdais.com\/artist\/mariana-murcia\/\"]}]},{\"@type\":\"BreadcrumbList\",\"@id\":\"https:\/\/albarran-bourdais.com\/artist\/mariana-murcia\/#breadcrumb\",\"itemListElement\":[{\"@type\":\"ListItem\",\"position\":1,\"name\":\"Accueil\",\"item\":\"https:\/\/albarran-bourdais.com\/es\/\"},{\"@type\":\"ListItem\",\"position\":2,\"name\":\"Mariana Murcia\"}]},{\"@type\":\"WebSite\",\"@id\":\"https:\/\/albarran-bourdais.com\/#website\",\"url\":\"https:\/\/albarran-bourdais.com\/\",\"name\":\"Albarr\u00e1n Bourdais\",\"description\":\"Art Gallery\",\"potentialAction\":[{\"@type\":\"SearchAction\",\"target\":{\"@type\":\"EntryPoint\",\"urlTemplate\":\"https:\/\/albarran-bourdais.com\/?s={search_term_string}\"},\"query-input\":{\"@type\":\"PropertyValueSpecification\",\"valueRequired\":true,\"valueName\":\"search_term_string\"}}],\"inLanguage\":\"es\"}]}<\/script>\n<!-- \/ Yoast SEO plugin. -->","yoast_head_json":{"title":"Mariana Murcia - Albarr\u00e1n Bourdais","robots":{"index":"index","follow":"follow","max-snippet":"max-snippet:-1","max-image-preview":"max-image-preview:large","max-video-preview":"max-video-preview:-1"},"canonical":"https:\/\/albarran-bourdais.com\/artist\/mariana-murcia\/","og_locale":"es_ES","og_type":"article","og_title":"Mariana Murcia - Albarr\u00e1n Bourdais","og_description":"Su pr\u00e1ctica se gu\u00eda por un enfoque interdisciplinar, trabajando en la inestable frontera entre la producci\u00f3n art\u00edstica y la educaci\u00f3n...","og_url":"https:\/\/albarran-bourdais.com\/artist\/mariana-murcia\/","og_site_name":"Albarr\u00e1n Bourdais","article_modified_time":"2023-07-28T14:11:06+00:00","twitter_card":"summary_large_image","twitter_misc":{"Tiempo de lectura":"1 minuto"},"schema":{"@context":"https:\/\/schema.org","@graph":[{"@type":"WebPage","@id":"https:\/\/albarran-bourdais.com\/artist\/mariana-murcia\/","url":"https:\/\/albarran-bourdais.com\/artist\/mariana-murcia\/","name":"Mariana Murcia - Albarr\u00e1n Bourdais","isPartOf":{"@id":"https:\/\/albarran-bourdais.com\/#website"},"datePublished":"2023-07-28T14:10:57+00:00","dateModified":"2023-07-28T14:11:06+00:00","breadcrumb":{"@id":"https:\/\/albarran-bourdais.com\/artist\/mariana-murcia\/#breadcrumb"},"inLanguage":"es","potentialAction":[{"@type":"ReadAction","target":["https:\/\/albarran-bourdais.com\/artist\/mariana-murcia\/"]}]},{"@type":"BreadcrumbList","@id":"https:\/\/albarran-bourdais.com\/artist\/mariana-murcia\/#breadcrumb","itemListElement":[{"@type":"ListItem","position":1,"name":"Accueil","item":"https:\/\/albarran-bourdais.com\/es\/"},{"@type":"ListItem","position":2,"name":"Mariana Murcia"}]},{"@type":"WebSite","@id":"https:\/\/albarran-bourdais.com\/#website","url":"https:\/\/albarran-bourdais.com\/","name":"Albarr\u00e1n Bourdais","description":"Art Gallery","potentialAction":[{"@type":"SearchAction","target":{"@type":"EntryPoint","urlTemplate":"https:\/\/albarran-bourdais.com\/?s={search_term_string}"},"query-input":{"@type":"PropertyValueSpecification","valueRequired":true,"valueName":"search_term_string"}}],"inLanguage":"es"}]}},"_links":{"self":[{"href":"https:\/\/albarran-bourdais.com\/es\/wp-json\/wp\/v2\/person\/5343","targetHints":{"allow":["GET"]}}],"collection":[{"href":"https:\/\/albarran-bourdais.com\/es\/wp-json\/wp\/v2\/person"}],"about":[{"href":"https:\/\/albarran-bourdais.com\/es\/wp-json\/wp\/v2\/types\/person"}],"wp:attachment":[{"href":"https:\/\/albarran-bourdais.com\/es\/wp-json\/wp\/v2\/media?parent=5343"}],"curies":[{"name":"wp","href":"https:\/\/api.w.org\/{rel}","templated":true}]}}